{"id":50,"date":"2024-01-18T17:14:30","date_gmt":"2024-01-18T17:14:30","guid":{"rendered":"https:\/\/www.schwarz-transport.cz\/kariera\/"},"modified":"2024-01-18T17:58:41","modified_gmt":"2024-01-18T17:58:41","slug":"kariera","status":"publish","type":"page","link":"https:\/\/www.schwarz-transport.cz\/en\/kariera\/","title":{"rendered":"Career"},"content":{"rendered":"<div data-elementor-type=\"wp-page\" data-elementor-id=\"50\" class=\"elementor elementor-50\" data-elementor-post-type=\"page\">\n\t\t\t\t\t\t<section class=\"elementor-section elementor-top-section elementor-element elementor-element-5c26a270 elementor-section-height-min-height elementor-section-items-top elementor-section-boxed elementor-section-height-default\" data-id=\"5c26a270\" data-element_type=\"section\" data-settings=\"{&quot;background_background&quot;:&quot;classic&quot;}\">\n\t\t\t\t\t\t<div class=\"elementor-container elementor-column-gap-default\">\n\t\t\t\t\t<div class=\"elementor-column elementor-col-100 elementor-top-column elementor-element elementor-element-24834cc1\" data-id=\"24834cc1\" data-element_type=\"column\">\n\t\t\t<div class=\"elementor-widget-wrap elementor-element-populated\">\n\t\t\t\t\t\t<div class=\"elementor-element elementor-element-587c42f3 elementor-widget-tablet__width-inherit elementor-widget elementor-widget-heading\" data-id=\"587c42f3\" data-element_type=\"widget\" data-widget_type=\"heading.default\">\n\t\t\t\t<div class=\"elementor-widget-container\">\n\t\t\t\t\t<h2 class=\"elementor-heading-title elementor-size-medium\">Career<\/h2>\t\t\t\t<\/div>\n\t\t\t\t<\/div>\n\t\t\t\t<div class=\"elementor-element elementor-element-3eba8362 elementor-widget elementor-widget-text-editor\" data-id=\"3eba8362\" data-element_type=\"widget\" data-widget_type=\"text-editor.default\">\n\t\t\t\t<div class=\"elementor-widget-container\">\n\t\t\t\t\t\t\t\t\t<p><span style=\"color: #ffffff;\">Career do you want to join our team?<\/span><\/p>\t\t\t\t\t\t\t\t<\/div>\n\t\t\t\t<\/div>\n\t\t\t\t<div class=\"elementor-element elementor-element-433880b elementor-widget__width-initial elementor-widget elementor-widget-text-editor\" data-id=\"433880b\" data-element_type=\"widget\" data-widget_type=\"text-editor.default\">\n\t\t\t\t<div class=\"elementor-widget-container\">\n\t\t\t\t\t\t\t\t\t<p><span style=\"color: #ffffff;\">Below you can see which positions we have currently available.<\/span><\/p><p><span style=\"color: #ffffff;\">Do you want to be a part of our team? Don't hesitate to send us your contact details and we will get back to you promptly.<\/span><\/p>\t\t\t\t\t\t\t\t<\/div>\n\t\t\t\t<\/div>\n\t\t\t\t\t<\/div>\n\t\t<\/div>\n\t\t\t\t\t<\/div>\n\t\t<\/section>\n\t\t<div class=\"elementor-element elementor-element-1d941c0c e-flex e-con-boxed e-con e-parent\" data-id=\"1d941c0c\" data-element_type=\"container\" data-settings=\"{&quot;background_background&quot;:&quot;classic&quot;}\">\n\t\t\t\t\t<div class=\"e-con-inner\">\n\t\t<div class=\"elementor-element elementor-element-5a75b57c e-flex e-con-boxed e-con e-child\" data-id=\"5a75b57c\" data-element_type=\"container\">\n\t\t\t\t\t<div class=\"e-con-inner\">\n\t\t\t\t<div class=\"elementor-element elementor-element-4af672a4 elementor-widget elementor-widget-heading\" data-id=\"4af672a4\" data-element_type=\"widget\" data-widget_type=\"heading.default\">\n\t\t\t\t<div class=\"elementor-widget-container\">\n\t\t\t\t\t<h3 class=\"elementor-heading-title elementor-size-default\">Current job openings:<\/h3>\t\t\t\t<\/div>\n\t\t\t\t<\/div>\n\t\t\t\t<div class=\"elementor-element elementor-element-7a60e2d6 elementor-grid-1 elementor-grid-tablet-1 elementor-posts--thumbnail-top elementor-grid-mobile-1 elementor-widget elementor-widget-posts\" data-id=\"7a60e2d6\" data-element_type=\"widget\" data-settings=\"{&quot;custom_columns&quot;:&quot;1&quot;,&quot;custom_row_gap&quot;:{&quot;unit&quot;:&quot;px&quot;,&quot;size&quot;:0,&quot;sizes&quot;:[]},&quot;custom_columns_tablet&quot;:&quot;1&quot;,&quot;custom_columns_mobile&quot;:&quot;1&quot;,&quot;custom_row_gap_tablet&quot;:{&quot;unit&quot;:&quot;px&quot;,&quot;size&quot;:&quot;&quot;,&quot;sizes&quot;:[]},&quot;custom_row_gap_mobile&quot;:{&quot;unit&quot;:&quot;px&quot;,&quot;size&quot;:&quot;&quot;,&quot;sizes&quot;:[]}}\" data-widget_type=\"posts.custom\">\n\t\t\t\t<div class=\"elementor-widget-container\">\n\t\t\t\t\t      <div class=\"ecs-posts elementor-posts-container elementor-posts   elementor-grid elementor-posts--skin-custom\" data-settings=\"{&quot;current_page&quot;:1,&quot;max_num_pages&quot;:1,&quot;load_method&quot;:&quot;&quot;,&quot;widget_id&quot;:&quot;7a60e2d6&quot;,&quot;post_id&quot;:50,&quot;theme_id&quot;:50,&quot;change_url&quot;:false,&quot;reinit_js&quot;:false}\">\n      \t\t<article id=\"post-35\" class=\"elementor-post elementor-grid-item ecs-post-loop post-35 post type-post status-publish format-standard hentry category-pracovni-pozice\">\n\t\t\t\t<div data-elementor-type=\"loop\" data-elementor-id=\"10\" class=\"elementor elementor-10 post-35 post type-post status-publish format-standard hentry category-pracovni-pozice\" data-elementor-post-type=\"elementor_library\">\n\t\t\t\t\t<div class=\"elementor-section-wrap\">\n\t\t\t\t\t\t<div class=\"elementor-element elementor-element-386ccbf4 e-con-full e-flex e-con e-parent\" data-id=\"386ccbf4\" data-element_type=\"container\">\n\t\t<div class=\"elementor-element elementor-element-5e9d127e e-con-full e-flex e-con e-parent\" data-id=\"5e9d127e\" data-element_type=\"container\" data-settings=\"{&quot;background_background&quot;:&quot;classic&quot;}\">\n\t\t<div class=\"elementor-element elementor-element-316d9e9a e-con-full e-flex e-con e-parent\" data-id=\"316d9e9a\" data-element_type=\"container\">\n\t\t\t\t<div class=\"elementor-element elementor-element-2172cb31 elementor-widget elementor-widget-theme-post-title elementor-page-title elementor-widget-heading\" data-id=\"2172cb31\" data-element_type=\"widget\" data-widget_type=\"theme-post-title.default\">\n\t\t\t\t<div class=\"elementor-widget-container\">\n\t\t\t\t\t<h1 class=\"elementor-heading-title elementor-size-default\"><a href=\"https:\/\/www.schwarz-transport.cz\/en\/pracovni-pozice\/ridic-skupiny-ce\/\">Group C+E Driver<\/a><\/h1>\t\t\t\t<\/div>\n\t\t\t\t<\/div>\n\t\t\t\t<\/div>\n\t\t<div class=\"elementor-element elementor-element-8fbd8d7 e-flex e-con-boxed e-con e-parent\" data-id=\"8fbd8d7\" data-element_type=\"container\">\n\t\t\t\t\t<div class=\"e-con-inner\">\n\t\t\t\t<div class=\"elementor-element elementor-element-285afd8c elementor-align-center elementor-tablet-align-center elementor-mobile-align-center elementor-widget__width-auto elementor-widget-mobile__width-inherit elementor-widget elementor-widget-button\" data-id=\"285afd8c\" data-element_type=\"widget\" data-widget_type=\"button.default\">\n\t\t\t\t<div class=\"elementor-widget-container\">\n\t\t\t\t\t\t\t\t\t<div class=\"elementor-button-wrapper\">\n\t\t\t\t\t<a class=\"elementor-button elementor-button-link elementor-size-lg\" href=\"https:\/\/www.schwarz-transport.cz\/en\/pracovni-pozice\/ridic-skupiny-ce\/\">\n\t\t\t\t\t\t<span class=\"elementor-button-content-wrapper\">\n\t\t\t\t\t\t\t\t\t<span class=\"elementor-button-text\">I'M INTERESTED<\/span>\n\t\t\t\t\t<\/span>\n\t\t\t\t\t<\/a>\n\t\t\t\t<\/div>\n\t\t\t\t\t\t\t\t<\/div>\n\t\t\t\t<\/div>\n\t\t\t\t\t<\/div>\n\t\t\t\t<\/div>\n\t\t\t\t<\/div>\n\t\t\t\t<\/div>\n\t\t\t\t\t\t\t<\/div>\n\t\t\t\t<\/div>\n\t\t\t\t<\/article>\n\t\t\t\t<\/div>\n\t\t\t\t\t\t<\/div>\n\t\t\t\t<\/div>\n\t\t\t\t\t<\/div>\n\t\t\t\t<\/div>\n\t\t\t\t\t<\/div>\n\t\t\t\t<\/div>\n\t\t\t\t<\/div>","protected":false},"excerpt":{"rendered":"<p>Kari\u00e9ra Chcete se p\u0159idat do na\u0161eho t\u00fdmu? N\u00ed\u017ee si m\u016f\u017eete prohl\u00e9dnout, kter\u00e9 pozice nem\u00e1me aktu\u00e1ln\u011b obsazen\u00e9. Chcete b\u00fdt \u010dleny na\u0161eho t\u00fdmu? Tak nev\u00e1hejte a ode\u0161lete n\u00e1m va\u0161e kontaktn\u00ed \u00fadaje a my se v\u00e1m obratem ozveme. Nab\u00edzen\u00e9 pracovn\u00ed pozice:<\/p>","protected":false},"author":1,"featured_media":0,"parent":0,"menu_order":0,"comment_status":"closed","ping_status":"closed","template":"","meta":{"inline_featured_image":false,"footnotes":""},"class_list":["post-50","page","type-page","status-publish","hentry"],"yoast_head":"<!-- This site is optimized with the Yoast SEO plugin v26.0 - https:\/\/yoast.com\/wordpress\/plugins\/seo\/ -->\n<title>Kari\u00e9ra - Schwarz-transport s.r.o.<\/title>\n<meta name=\"robots\" content=\"index, follow, max-snippet:-1, max-image-preview:large, max-video-preview:-1\" \/>\n<link rel=\"canonical\" href=\"https:\/\/www.schwarz-transport.cz\/en\/kariera\/\" \/>\n<meta property=\"og:locale\" content=\"en_GB\" \/>\n<meta property=\"og:type\" content=\"article\" \/>\n<meta property=\"og:title\" content=\"Kari\u00e9ra - Schwarz-transport s.r.o.\" \/>\n<meta property=\"og:description\" content=\"Kari\u00e9ra Chcete se p\u0159idat do na\u0161eho t\u00fdmu? N\u00ed\u017ee si m\u016f\u017eete prohl\u00e9dnout, kter\u00e9 pozice nem\u00e1me aktu\u00e1ln\u011b obsazen\u00e9. Chcete b\u00fdt \u010dleny na\u0161eho t\u00fdmu? Tak nev\u00e1hejte a ode\u0161lete n\u00e1m va\u0161e kontaktn\u00ed \u00fadaje a my se v\u00e1m obratem ozveme. Nab\u00edzen\u00e9 pracovn\u00ed pozice:\" \/>\n<meta property=\"og:url\" content=\"https:\/\/www.schwarz-transport.cz\/en\/kariera\/\" \/>\n<meta property=\"og:site_name\" content=\"Schwarz-transport s.r.o.\" \/>\n<meta property=\"article:modified_time\" content=\"2024-01-18T17:58:41+00:00\" \/>\n<meta name=\"twitter:card\" content=\"summary_large_image\" \/>\n<meta name=\"twitter:label1\" content=\"Estimated reading time\" \/>\n\t<meta name=\"twitter:data1\" content=\"1 minute\" \/>\n<script type=\"application\/ld+json\" class=\"yoast-schema-graph\">{\"@context\":\"https:\/\/schema.org\",\"@graph\":[{\"@type\":\"WebPage\",\"@id\":\"https:\/\/www.schwarz-transport.cz\/kariera\/\",\"url\":\"https:\/\/www.schwarz-transport.cz\/kariera\/\",\"name\":\"Kari\u00e9ra - Schwarz-transport s.r.o.\",\"isPartOf\":{\"@id\":\"http:\/\/www.schwarz-transport.cz\/#website\"},\"datePublished\":\"2024-01-18T17:14:30+00:00\",\"dateModified\":\"2024-01-18T17:58:41+00:00\",\"breadcrumb\":{\"@id\":\"https:\/\/www.schwarz-transport.cz\/kariera\/#breadcrumb\"},\"inLanguage\":\"en-GB\",\"potentialAction\":[{\"@type\":\"ReadAction\",\"target\":[\"https:\/\/www.schwarz-transport.cz\/kariera\/\"]}]},{\"@type\":\"BreadcrumbList\",\"@id\":\"https:\/\/www.schwarz-transport.cz\/kariera\/#breadcrumb\",\"itemListElement\":[{\"@type\":\"ListItem\",\"position\":1,\"name\":\"Dom\u016f\",\"item\":\"http:\/\/www.schwarz-transport.cz\/\"},{\"@type\":\"ListItem\",\"position\":2,\"name\":\"Kari\u00e9ra\"}]},{\"@type\":\"WebSite\",\"@id\":\"http:\/\/www.schwarz-transport.cz\/#website\",\"url\":\"http:\/\/www.schwarz-transport.cz\/\",\"name\":\"Schwarz-transport s.r.o.\",\"description\":\"Schwarz-Transport s.r.o. \u2013 Spolehliv\u00e1 mezin\u00e1rodn\u00ed i vnitrost\u00e1tn\u00ed doprava, logistika a skladov\u00e1n\u00ed s d\u016frazem na rychlost, bezpe\u010dnost a flexibilitu.\",\"publisher\":{\"@id\":\"http:\/\/www.schwarz-transport.cz\/#organization\"},\"potentialAction\":[{\"@type\":\"SearchAction\",\"target\":{\"@type\":\"EntryPoint\",\"urlTemplate\":\"http:\/\/www.schwarz-transport.cz\/?s={search_term_string}\"},\"query-input\":{\"@type\":\"PropertyValueSpecification\",\"valueRequired\":true,\"valueName\":\"search_term_string\"}}],\"inLanguage\":\"en-GB\"},{\"@type\":\"Organization\",\"@id\":\"http:\/\/www.schwarz-transport.cz\/#organization\",\"name\":\"Schwarz-transport s.r.o.\",\"url\":\"http:\/\/www.schwarz-transport.cz\/\",\"logo\":{\"@type\":\"ImageObject\",\"inLanguage\":\"en-GB\",\"@id\":\"http:\/\/www.schwarz-transport.cz\/#\/schema\/logo\/image\/\",\"url\":\"https:\/\/www.schwarz-transport.cz\/wp-content\/uploads\/2024\/01\/SCHWRZ-TRANSPOR-logo_CMYK_cerne.svg\",\"contentUrl\":\"https:\/\/www.schwarz-transport.cz\/wp-content\/uploads\/2024\/01\/SCHWRZ-TRANSPOR-logo_CMYK_cerne.svg\",\"width\":714,\"height\":153,\"caption\":\"Schwarz-transport s.r.o.\"},\"image\":{\"@id\":\"http:\/\/www.schwarz-transport.cz\/#\/schema\/logo\/image\/\"}}]}<\/script>\n<!-- \/ Yoast SEO plugin. -->","yoast_head_json":{"title":"Kari\u00e9ra - Schwarz-transport s.r.o.","robots":{"index":"index","follow":"follow","max-snippet":"max-snippet:-1","max-image-preview":"max-image-preview:large","max-video-preview":"max-video-preview:-1"},"canonical":"https:\/\/www.schwarz-transport.cz\/en\/kariera\/","og_locale":"en_GB","og_type":"article","og_title":"Kari\u00e9ra - Schwarz-transport s.r.o.","og_description":"Kari\u00e9ra Chcete se p\u0159idat do na\u0161eho t\u00fdmu? N\u00ed\u017ee si m\u016f\u017eete prohl\u00e9dnout, kter\u00e9 pozice nem\u00e1me aktu\u00e1ln\u011b obsazen\u00e9. Chcete b\u00fdt \u010dleny na\u0161eho t\u00fdmu? Tak nev\u00e1hejte a ode\u0161lete n\u00e1m va\u0161e kontaktn\u00ed \u00fadaje a my se v\u00e1m obratem ozveme. Nab\u00edzen\u00e9 pracovn\u00ed pozice:","og_url":"https:\/\/www.schwarz-transport.cz\/en\/kariera\/","og_site_name":"Schwarz-transport s.r.o.","article_modified_time":"2024-01-18T17:58:41+00:00","twitter_card":"summary_large_image","twitter_misc":{"Estimated reading time":"1 minute"},"schema":{"@context":"https:\/\/schema.org","@graph":[{"@type":"WebPage","@id":"https:\/\/www.schwarz-transport.cz\/kariera\/","url":"https:\/\/www.schwarz-transport.cz\/kariera\/","name":"Kari\u00e9ra - Schwarz-transport s.r.o.","isPartOf":{"@id":"http:\/\/www.schwarz-transport.cz\/#website"},"datePublished":"2024-01-18T17:14:30+00:00","dateModified":"2024-01-18T17:58:41+00:00","breadcrumb":{"@id":"https:\/\/www.schwarz-transport.cz\/kariera\/#breadcrumb"},"inLanguage":"en-GB","potentialAction":[{"@type":"ReadAction","target":["https:\/\/www.schwarz-transport.cz\/kariera\/"]}]},{"@type":"BreadcrumbList","@id":"https:\/\/www.schwarz-transport.cz\/kariera\/#breadcrumb","itemListElement":[{"@type":"ListItem","position":1,"name":"Dom\u016f","item":"http:\/\/www.schwarz-transport.cz\/"},{"@type":"ListItem","position":2,"name":"Kari\u00e9ra"}]},{"@type":"WebSite","@id":"http:\/\/www.schwarz-transport.cz\/#website","url":"http:\/\/www.schwarz-transport.cz\/","name":"Schwarz-transport s.r.o.","description":"Schwarz-Transport s.r.o. \u2013 Spolehliv\u00e1 mezin\u00e1rodn\u00ed i vnitrost\u00e1tn\u00ed doprava, logistika a skladov\u00e1n\u00ed s d\u016frazem na rychlost, bezpe\u010dnost a flexibilitu.","publisher":{"@id":"http:\/\/www.schwarz-transport.cz\/#organization"},"potentialAction":[{"@type":"SearchAction","target":{"@type":"EntryPoint","urlTemplate":"http:\/\/www.schwarz-transport.cz\/?s={search_term_string}"},"query-input":{"@type":"PropertyValueSpecification","valueRequired":true,"valueName":"search_term_string"}}],"inLanguage":"en-GB"},{"@type":"Organization","@id":"http:\/\/www.schwarz-transport.cz\/#organization","name":"Schwarz-transport s.r.o.","url":"http:\/\/www.schwarz-transport.cz\/","logo":{"@type":"ImageObject","inLanguage":"en-GB","@id":"http:\/\/www.schwarz-transport.cz\/#\/schema\/logo\/image\/","url":"https:\/\/www.schwarz-transport.cz\/wp-content\/uploads\/2024\/01\/SCHWRZ-TRANSPOR-logo_CMYK_cerne.svg","contentUrl":"https:\/\/www.schwarz-transport.cz\/wp-content\/uploads\/2024\/01\/SCHWRZ-TRANSPOR-logo_CMYK_cerne.svg","width":714,"height":153,"caption":"Schwarz-transport s.r.o."},"image":{"@id":"http:\/\/www.schwarz-transport.cz\/#\/schema\/logo\/image\/"}}]}},"_links":{"self":[{"href":"https:\/\/www.schwarz-transport.cz\/en\/wp-json\/wp\/v2\/pages\/50","targetHints":{"allow":["GET"]}}],"collection":[{"href":"https:\/\/www.schwarz-transport.cz\/en\/wp-json\/wp\/v2\/pages"}],"about":[{"href":"https:\/\/www.schwarz-transport.cz\/en\/wp-json\/wp\/v2\/types\/page"}],"author":[{"embeddable":true,"href":"https:\/\/www.schwarz-transport.cz\/en\/wp-json\/wp\/v2\/users\/1"}],"replies":[{"embeddable":true,"href":"https:\/\/www.schwarz-transport.cz\/en\/wp-json\/wp\/v2\/comments?post=50"}],"version-history":[{"count":0,"href":"https:\/\/www.schwarz-transport.cz\/en\/wp-json\/wp\/v2\/pages\/50\/revisions"}],"wp:attachment":[{"href":"https:\/\/www.schwarz-transport.cz\/en\/wp-json\/wp\/v2\/media?parent=50"}],"curies":[{"name":"wp","href":"https:\/\/api.w.org\/{rel}","templated":true}]}}